{"id":62,"date":"2023-09-10T05:19:43","date_gmt":"2023-09-10T04:19:43","guid":{"rendered":"https:\/\/centredacim.com\/?page_id=62"},"modified":"2023-12-20T16:49:33","modified_gmt":"2023-12-20T16:49:33","slug":"joanne-lim","status":"publish","type":"page","link":"https:\/\/centredacim.com\/index.php\/joanne-lim\/","title":{"rendered":"JOANNE LIM"},"content":{"rendered":"\n<div class=\"wp-block-columns is-layout-flex wp-container-4 wp-block-columns-is-layout-flex\">\n<div class=\"wp-block-column is-layout-flow wp-block-column-is-layout-flow\" style=\"flex-basis:66.66%\">\n<p class=\"has-xl-font-size\"><strong>Artiste-Enseignant, Art-Th\u00e9rapeute<\/strong><\/p>\n<\/div>\n\n\n\n<div class=\"wp-block-column is-layout-flow wp-block-column-is-layout-flow\" style=\"flex-basis:33.33%\">\n<ul class=\"wp-block-social-links is-layout-flex wp-block-social-links-is-layout-flex\"><li class=\"wp-social-link wp-social-link-facebook  wp-block-social-link\"><a href=\"https:\/\/www.facebook.com\/profile.php?id=100030726637011\" class=\"wp-block-social-link-anchor\"><svg width=\"24\" height=\"24\" viewBox=\"0 0 24 24\" version=\"1.1\" xmlns=\"http:\/\/www.w3.org\/2000\/svg\" aria-hidden=\"true\" focusable=\"false\"><path d=\"M12 2C6.5 2 2 6.5 2 12c0 5 3.7 9.1 8.4 9.9v-7H7.9V12h2.5V9.8c0-2.5 1.5-3.9 3.8-3.9 1.1 0 2.2.2 2.2.2v2.5h-1.3c-1.2 0-1.6.8-1.6 1.6V12h2.8l-.4 2.9h-2.3v7C18.3 21.1 22 17 22 12c0-5.5-4.5-10-10-10z\"><\/path><\/svg><span class=\"wp-block-social-link-label screen-reader-text\">Facebook<\/span><\/a><\/li><\/ul>\n<\/div>\n<\/div>\n\n\n\n<p><br><\/p>\n\n\n\n<div class=\"wp-block-columns is-layout-flex wp-container-7 wp-block-columns-is-layout-flex\">\n<div class=\"wp-block-column is-layout-flow wp-block-column-is-layout-flow\" style=\"flex-basis:33.33%\">\n<figure class=\"wp-block-image size-full is-resized is-style-rounded\"><img decoding=\"async\" loading=\"lazy\" width=\"432\" height=\"576\" src=\"https:\/\/centredacim.com\/wp-content\/uploads\/2023\/09\/JOANNE-LIM-PROFILE1.png\" alt=\"\" class=\"wp-image-263\" style=\"object-fit:cover;width:250px;height:250px\" srcset=\"https:\/\/centredacim.com\/wp-content\/uploads\/2023\/09\/JOANNE-LIM-PROFILE1.png 432w, https:\/\/centredacim.com\/wp-content\/uploads\/2023\/09\/JOANNE-LIM-PROFILE1-225x300.png 225w\" sizes=\"(max-width: 432px) 100vw, 432px\" \/><\/figure>\n<\/div>\n\n\n\n<div class=\"wp-block-column is-layout-flow wp-block-column-is-layout-flow\" style=\"flex-basis:66.66%\">\n<p class=\"has-font-muted-color has-text-color has-large-font-size\">Br\u00e8ve biographie<\/p>\n\n\n\n<ul>\n<li>Baccalaur\u00e9at en peinture et calligraphie en Cor\u00e9e du sud<\/li>\n\n\n\n<li>Ma\u00eetrise &amp; D.E.A. en arts plastiques \u00e0 l\u2019universit\u00e9 Paris 1 Sorbonne-Panth\u00e9on en France<\/li>\n\n\n\n<li>Exp\u00e9rience d\u2019exposition : 13 expositions personnelles (aux galeries d\u2019art, mus\u00e9es et airies)en France et en Cor\u00e9e du Sud<\/li>\n\n\n\n<li>Exp\u00e9rience dans l\u2019enseignement artistique : 20 ans (art traditionnel cor\u00e9en et histoire de l\u2019art)&nbsp;\u00e0 Paris, \u00e0 Seoul et \u00e0 Montr\u00e9al<\/li>\n\n\n\n<li>Directrice de \u00ab Art carr\u00e9e \u00bb, une entreprise du programme artistique en Cor\u00e9e du Sud<\/li>\n\n\n\n<li>Publication de 12 livres de la collection \u00e9ducative \u00ab Histoire de l\u2019art occidental \u00bb pour les enfants<\/li>\n\n\n\n<li> Artiste, enseignante en art cor\u00e9en et arts plastiques, r\u00e9cr\u00e9ologue des activit\u00e9s culturelles<\/li>\n<\/ul>\n<\/div>\n<\/div>\n\n\n\n<p><br><\/p>\n\n\n\n<p><br>N\u00e9e en Cor\u00e9e du Sud, Joanne Lim apprend depuis son enfance, la peinture extr\u00eame-orientale et la calligraphie de son grand-p\u00e8re, qui est directeur d\u2019un institut de calligraphie. <\/p>\n\n\n\n<p>Apr\u00e8s avoir obtenu son dipl\u00f4me de l\u2019Universit\u00e9 des Beaux-arts en Cor\u00e9e du Sud, elle s\u2019installe \u00e0 Paris pendant 7 ans, o\u00f9 elle obtient sa ma\u00eetrise et son master en arts plastiques de l\u2019Universit\u00e9 Paris 1 Panth\u00e9on-Sorbonne. Lors de son s\u00e9jour dans la ville lumi\u00e8re, Joanne r\u00e9alise 13 expositions personnelles d\u2019art, o\u00f9 elle franchit la fronti\u00e8re entre la peinture occidentale et la peinture orientale \u00e0 travers son \u0153uvre. <\/p>\n\n\n\n<p>Elle a enseign\u00e9 la peinture cor\u00e9enne et la calligraphie dans un centre culturel et des \u00e9coles en France. Elle a donn\u00e9 \u00e9galement des conf\u00e9rences au Mus\u00e9e national des arts Asiatiques-Guimet et \u00e0 l\u2019\u00c9cole des Beaux-arts de Versailles occasionnellement.<\/p>\n\n\n\n<div style=\"height:100px\" aria-hidden=\"true\" class=\"wp-block-spacer\"><\/div>\n\n\n\n<div class=\"wp-block-columns is-layout-flex wp-container-9 wp-block-columns-is-layout-flex\">\n<div class=\"wp-block-column is-layout-flow wp-block-column-is-layout-flow\">\n<figure class=\"wp-block-image aligncenter size-large\"><img decoding=\"async\" loading=\"lazy\" width=\"743\" height=\"1024\" src=\"https:\/\/centredacim.com\/wp-content\/uploads\/2023\/09\/Lascension_JoanneLIM-743x1024.png\" alt=\"\" class=\"wp-image-264\" srcset=\"https:\/\/centredacim.com\/wp-content\/uploads\/2023\/09\/Lascension_JoanneLIM-743x1024.png 743w, https:\/\/centredacim.com\/wp-content\/uploads\/2023\/09\/Lascension_JoanneLIM-218x300.png 218w, https:\/\/centredacim.com\/wp-content\/uploads\/2023\/09\/Lascension_JoanneLIM-768x1058.png 768w, https:\/\/centredacim.com\/wp-content\/uploads\/2023\/09\/Lascension_JoanneLIM-621x855.png 621w, https:\/\/centredacim.com\/wp-content\/uploads\/2023\/09\/Lascension_JoanneLIM.png 864w\" sizes=\"(max-width: 743px) 100vw, 743px\" \/><\/figure>\n<\/div>\n<\/div>\n\n\n\n<div style=\"height:100px\" aria-hidden=\"true\" class=\"wp-block-spacer\"><\/div>\n\n\n\n<p>Durant cette p\u00e9riode, elle r\u00e9alisait ses \u0153uvres d\u2019arts plastiques pour trouver la r\u00e9ponse \u00e0 la question suivante : <\/p>\n\n\n\n<p><\/p>\n\n\n\n<p class=\"has-text-align-center\">\u00ab Comment peut-on r\u00e9aliser les \u0153uvres orientales avec mes ann\u00e9es de apprentissages entre deux fronti\u00e8res de l\u2019art, soit la calligraphie orientale et la peinture occidentale ? \u00bb<\/p>\n\n\n\n<p><\/p>\n\n\n\n<p>Cette question lui a ouvert la voie pour exprimer sa performance comme un rythme de traits qui rend ses tableaux plats en trois dimensions.<\/p>\n\n\n\n<div style=\"height:100px\" aria-hidden=\"true\" class=\"wp-block-spacer\"><\/div>\n\n\n\n<div class=\"wp-block-columns is-layout-flex wp-container-12 wp-block-columns-is-layout-flex\">\n<div class=\"wp-block-column is-layout-flow wp-block-column-is-layout-flow\" style=\"flex-basis:66.66%\">\n<figure class=\"wp-block-image size-large is-resized\"><img decoding=\"async\" loading=\"lazy\" width=\"1024\" height=\"680\" src=\"https:\/\/centredacim.com\/wp-content\/uploads\/2023\/09\/JoanneLIM1-1-1024x680.png\" alt=\"\" class=\"wp-image-267\" style=\"object-fit:contain;width:800px;height:500px\" srcset=\"https:\/\/centredacim.com\/wp-content\/uploads\/2023\/09\/JoanneLIM1-1-1024x680.png 1024w, https:\/\/centredacim.com\/wp-content\/uploads\/2023\/09\/JoanneLIM1-1-300x199.png 300w, https:\/\/centredacim.com\/wp-content\/uploads\/2023\/09\/JoanneLIM1-1-768x510.png 768w, https:\/\/centredacim.com\/wp-content\/uploads\/2023\/09\/JoanneLIM1-1-1536x1020.png 1536w, https:\/\/centredacim.com\/wp-content\/uploads\/2023\/09\/JoanneLIM1-1-2048x1360.png 2048w, https:\/\/centredacim.com\/wp-content\/uploads\/2023\/09\/JoanneLIM1-1-1140x757.png 1140w\" sizes=\"(max-width: 1024px) 100vw, 1024px\" \/><\/figure>\n<\/div>\n\n\n\n<div class=\"wp-block-column is-layout-flow wp-block-column-is-layout-flow\" style=\"flex-basis:33.33%\">\n<figure class=\"wp-block-image size-full is-resized\"><img decoding=\"async\" loading=\"lazy\" width=\"432\" height=\"447\" src=\"https:\/\/centredacim.com\/wp-content\/uploads\/2023\/09\/JoanneLIM2-1.png\" alt=\"\" class=\"wp-image-268\" style=\"object-fit:cover;width:300px;height:500px\" srcset=\"https:\/\/centredacim.com\/wp-content\/uploads\/2023\/09\/JoanneLIM2-1.png 432w, https:\/\/centredacim.com\/wp-content\/uploads\/2023\/09\/JoanneLIM2-1-290x300.png 290w\" sizes=\"(max-width: 432px) 100vw, 432px\" \/><\/figure>\n<\/div>\n<\/div>\n\n\n\n<div style=\"height:100px\" aria-hidden=\"true\" class=\"wp-block-spacer\"><\/div>\n\n\n\n<p>Nathalie REYMOND, critique d\u2019art et professeur d\u2019arts formatifs \u00e0 l\u2019Universit\u00e9 \u2160, qui a vu son travail et sa performance, a r\u00e9pondu comme ceci en tant qu\u2019appr\u00e9ciatrice. <\/p>\n\n\n\n<p><em>Joanne LIM, dans ses \u0153uvres, place un trait d\u2019union, qu\u2019elle nomme en trait du c\u0153ur, entre l\u2019Orient et l\u2019Occident (graffiti-calligraphie), le pass\u00e9 et le pr\u00e9sent (anciens signes relev\u00e9s sur les murs des \u00e9glises \u2013 peinture acrylique), la figure et le geste (des mains, des croix, des v\u00e9g\u00e9taux \u2013 des taches), les autres et elle-m\u00eame. Il s\u2019agit, selon elle, d\u2019\u00e9crire la peinture.<\/em><br><em>Selon moi, elle peint avec finesse, \u00e9l\u00e9gance et \u00e9motion, de multiples d\u00e9clarations d\u2019amour \u00e0 la peinture-un trait du c\u0153ur encore-pour les offrir \u00e0<br>nos regardes sur forme de tableaux, Ainsi, face \u00e0 nous de d\u00e9ploie l\u2019\u00e9vidence de son attachement aux mati\u00e8res absorbantes, aux jus fluides, aux couleurs sourdes, aux lignes dynamiques, aux entrelacs \u00e9nigmatiques des \u00e9critures qu\u2019elle juxtapose, aux belles traces du pinceau. Nous sommes intriqu\u00e9s et s\u00e9duits, spectateurs captiv\u00e9s d\u2019un rituel secret qui, d\u2019emprunts en \u00e9chos, de superpositions en croisements, nous entra\u00eene sur chemins obscurs de l\u2019imagination plastique. L\u2019art, tout doucement, s\u2019\u00e9panouit.<\/em><\/p>\n\n\n\n<p><em>\u00ab Nathalie REYMOND, professeur des Universit\u00e9 en Art et Sciences de L\u2019Art \u00bb<\/em><\/p>\n\n\n\n<div style=\"height:100px\" aria-hidden=\"true\" class=\"wp-block-spacer\"><\/div>\n\n\n\n<div class=\"wp-block-columns is-layout-flex wp-container-14 wp-block-columns-is-layout-flex\">\n<div class=\"wp-block-column is-layout-flow wp-block-column-is-layout-flow\">\n<figure class=\"wp-block-image aligncenter size-full\"><img decoding=\"async\" loading=\"lazy\" width=\"1000\" height=\"675\" src=\"https:\/\/centredacim.com\/wp-content\/uploads\/2023\/10\/oeuvre-de-joanne2.png\" alt=\"\" class=\"wp-image-639\" srcset=\"https:\/\/centredacim.com\/wp-content\/uploads\/2023\/10\/oeuvre-de-joanne2.png 1000w, https:\/\/centredacim.com\/wp-content\/uploads\/2023\/10\/oeuvre-de-joanne2-300x203.png 300w, https:\/\/centredacim.com\/wp-content\/uploads\/2023\/10\/oeuvre-de-joanne2-768x518.png 768w\" sizes=\"(max-width: 1000px) 100vw, 1000px\" \/><\/figure>\n<\/div>\n<\/div>\n\n\n\n<p><\/p>\n\n\n\n<div style=\"height:100px\" aria-hidden=\"true\" class=\"wp-block-spacer\"><\/div>\n\n\n\n<p>Apr\u00e8s son retour en Cor\u00e9e du Sud, elle fonde l\u2019Acad\u00e9mie d\u2019arts plastiques du Mus\u00e9e de l\u2019\u00cele-de-France en 2011, qui cr\u00e9e des programmes artistiques et qui ouvre de nouvelles id\u00e9es et de la cr\u00e9ativit\u00e9 aux enfants.<\/p>\n\n\n\n<p>Elle a enseign\u00e9 les arts plastiques dans des \u00e9coles primaires et \u00e0 l\u2019Acad\u00e9mie d\u2019art du Mus\u00e9e national de Cor\u00e9e pendant 6 ans, et a donn\u00e9 des<br>conf\u00e9rences pour les enseignants de l\u2019\u00e9cole primaire et secondaire et des entreprises. Enfin, Joanne a \u00e9galement publi\u00e9 plusieurs ouvrages<br>d\u2019enseignement des arts plastiques et de l\u2019histoire de l\u2019art destin\u00e9e aux enfants et adolescents.<\/p>\n\n\n\n<p>Apr\u00e8s avoir immigr\u00e9 au Canada, elle garde toujours son inspiration artistique, \u00e9ducative et curative pour travailler en tant qu\u2019art-th\u00e9rapeute et<br>r\u00e9cr\u00e9ologue dans un centre d\u2019h\u00e9bergement pour femmes et enfants victimes de violence conjugale, ainsi que pour les personnes \u00e2g\u00e9es vivant en r\u00e9sidences priv\u00e9es et en CHSLD. Convaincue que l\u2019art est un pont qui \u00e9veille diff\u00e9rents esprits et relie diff\u00e9rentes cultures.<br>Aujourd\u2019hui, elle travaille sur une \u0153uvre qui d\u00e9voile les \u00e9motions et les perspectives qu\u2019elle a ressenties dans trois cultures diff\u00e9rentes en les<br>comparant \u00e0 \u00ab soi \u00bb en plus d\u2019enseigner l\u2019art cor\u00e9en traditionnel et de planifier divers \u00e9v\u00e9nements culturels cor\u00e9ens au Centre d\u2019ACIM.<br><\/p>\n\n\n\n<div style=\"height:100px\" aria-hidden=\"true\" class=\"wp-block-spacer\"><\/div>\n","protected":false},"excerpt":{"rendered":"<p>Artiste-Enseignant, Art-Th\u00e9rapeute Br\u00e8ve biographie N\u00e9e en Cor\u00e9e du Sud, Joanne Lim apprend depuis son enfance, la peinture extr\u00eame-orientale et la<span class=\"more-dots\">&#8230;<\/span><\/p>\n","protected":false},"author":1,"featured_media":0,"parent":0,"menu_order":0,"comment_status":"closed","ping_status":"closed","template":"","meta":{"_monsterinsights_skip_tracking":false,"_monsterinsights_sitenote_active":false,"_monsterinsights_sitenote_note":"","_monsterinsights_sitenote_category":0,"footnotes":""},"aioseo_notices":[],"_links":{"self":[{"href":"https:\/\/centredacim.com\/index.php\/wp-json\/wp\/v2\/pages\/62"}],"collection":[{"href":"https:\/\/centredacim.com\/index.php\/wp-json\/wp\/v2\/pages"}],"about":[{"href":"https:\/\/centredacim.com\/index.php\/wp-json\/wp\/v2\/types\/page"}],"author":[{"embeddable":true,"href":"https:\/\/centredacim.com\/index.php\/wp-json\/wp\/v2\/users\/1"}],"replies":[{"embeddable":true,"href":"https:\/\/centredacim.com\/index.php\/wp-json\/wp\/v2\/comments?post=62"}],"version-history":[{"count":10,"href":"https:\/\/centredacim.com\/index.php\/wp-json\/wp\/v2\/pages\/62\/revisions"}],"predecessor-version":[{"id":643,"href":"https:\/\/centredacim.com\/index.php\/wp-json\/wp\/v2\/pages\/62\/revisions\/643"}],"wp:attachment":[{"href":"https:\/\/centredacim.com\/index.php\/wp-json\/wp\/v2\/media?parent=62"}],"curies":[{"name":"wp","href":"https:\/\/api.w.org\/{rel}","templated":true}]}}